{"id":69,"date":"2024-07-26T19:12:55","date_gmt":"2024-07-26T17:12:55","guid":{"rendered":"https:\/\/mongie-avocat.fr\/amavocat\/?page_id=69"},"modified":"2025-02-19T16:07:33","modified_gmt":"2025-02-19T15:07:33","slug":"accueil-amelie-mongie","status":"publish","type":"page","link":"https:\/\/mongie-avocat.fr\/amavocat\/","title":{"rendered":"Accueil Am\u00e9lie Mongie"},"content":{"rendered":"\n<div id=\"presentation\" class=\"wp-block-uagb-container uagb-block-nllaaebk alignfull uagb-is-root-container\"><div class=\"uagb-container-inner-blocks-wrap\">\n<div class=\"wp-block-uagb-container uagb-block-yt1hjs6o\">\n<div class=\"wp-block-uagb-info-box uagb-block-9f19849e uagb-infobox__content-wrap  uagb-infobox-icon-above-title uagb-infobox-image-valign-top first-bloc\"><div class=\"uagb-ifb-content\"><div class=\"uagb-ifb-title-wrap\"><h1 class=\"uagb-ifb-title\">Am\u00e9lie MONGIE<br><span class=\"subtitle-H1\">Cabinet d&rsquo;avocat en droit public<\/span><\/h1><\/div><p class=\"uagb-ifb-desc\"><br>Dipl\u00f4m\u00e9e en droit public de l\u2019Universit\u00e9 de Bordeaux et titulaire du CRFPA, Ma\u00eetre Am\u00e9lie MONGIE a exerc\u00e9 pendant cinq ans dans un cabinet bordelais sp\u00e9cialis\u00e9 en droit administratif, avant de s\u2019installer \u00e0 titre individuel en 2023.<br><br>Ma\u00eetre Am\u00e9lie MONGIE, avocate au barreau de Bordeaux, a pr\u00eat\u00e9 serment le 1er d\u00e9cembre 2018. Son cabinet est situ\u00e9 dans le centre-ville de Bordeaux, au 16 Place Pey Berland.<br><br>Son expertise couvre l\u2019ensemble droit public, notamment la fonction publique, le droit de l\u2019urbanisme et le droit administratif g\u00e9n\u00e9ral.<\/p><\/div><\/div>\n<\/div>\n\n\n\n<div class=\"wp-block-uagb-container uagb-block-xve6s6mn\">\n<div class=\"wp-block-uagb-image alignleft uagb-block-uoep3mh4 wp-block-uagb-image--layout-default wp-block-uagb-image--effect-static wp-block-uagb-image--align-left\"><figure class=\"wp-block-uagb-image__figure\"><img decoding=\"async\" srcset=\"https:\/\/mongie-avocat.fr\/amavocat\/wp-content\/uploads\/2024\/10\/AMELIE_4913-683x1024.jpg ,https:\/\/mongie-avocat.fr\/amavocat\/wp-content\/uploads\/2024\/10\/AMELIE_4913-scaled.jpg 780w, https:\/\/mongie-avocat.fr\/amavocat\/wp-content\/uploads\/2024\/10\/AMELIE_4913-scaled.jpg 360w\" sizes=\"auto, (max-width: 480px) 150px\" src=\"https:\/\/mongie-avocat.fr\/amavocat\/wp-content\/uploads\/2024\/10\/AMELIE_4913-683x1024.jpg\" alt=\"\" class=\"uag-image-216\" width=\"294\" height=\"360\" title=\"\" loading=\"lazy\" role=\"presentation\"\/><\/figure><\/div>\n\n\n\n<div class=\"wp-block-uagb-image alignleft uagb-block-wflnqjc3 wp-block-uagb-image--layout-default wp-block-uagb-image--effect-static wp-block-uagb-image--align-left uag-hide-mob\"><figure class=\"wp-block-uagb-image__figure\"><img decoding=\"async\" srcset=\"https:\/\/mongie-avocat.fr\/amavocat\/wp-content\/uploads\/2024\/10\/FBA_4970-683x1024.jpg ,https:\/\/mongie-avocat.fr\/amavocat\/wp-content\/uploads\/2024\/10\/FBA_4970.jpg 780w, https:\/\/mongie-avocat.fr\/amavocat\/wp-content\/uploads\/2024\/10\/FBA_4970.jpg 360w\" sizes=\"auto, (max-width: 480px) 150px\" src=\"https:\/\/mongie-avocat.fr\/amavocat\/wp-content\/uploads\/2024\/10\/FBA_4970-683x1024.jpg\" alt=\"\" class=\"uag-image-218\" width=\"283\" height=\"360\" title=\"\" loading=\"lazy\" role=\"presentation\"\/><\/figure><\/div>\n<\/div>\n<\/div><\/div>\n\n\n\n<div id=\"intervention\" class=\"wp-block-uagb-container uagb-block-621b31be alignfull uagb-is-root-container\"><div class=\"uagb-container-inner-blocks-wrap\">\n<div class=\"wp-block-uagb-info-box uagb-block-b459d783 uagb-infobox__content-wrap  uagb-infobox-icon-above-title uagb-infobox-image-valign-top\"><div class=\"uagb-ifb-content\"><div class=\"uagb-ifb-title-wrap\"><h2 class=\"uagb-ifb-title\">Domaines d&rsquo;intervention<\/h2><\/div><p class=\"uagb-ifb-desc\"><br>Le droit public, ensemble des r\u00e8gles qui r\u00e9gissent les relations entre les personnes morales de droit public et les particuliers, conna\u00eet des sp\u00e9cificit\u00e9s qui n\u00e9cessitent une expertise juridique particuli\u00e8re.&nbsp;<\/p><\/div><\/div>\n\n\n\n<div class=\"wp-block-uagb-container uagb-block-88ff804f\">\n<div class=\"wp-block-uagb-container uagb-layout-flex uagb-block-454d79a5\">\n<div class=\"wp-block-uagb-info-box uagb-block-87ee95bb uagb-infobox__content-wrap  uagb-infobox-icon-above-title uagb-infobox-image-valign-top\"><div class=\"uagb-ifb-content\"><div class=\"uagb-ifb-title-wrap\"><p class=\"uagb-ifb-title-prefix\">01<\/p><h3 class=\"uagb-ifb-title\">Droit de la fonction publique<\/h3><\/div><\/div><\/div>\n\n\n\r\n\t\t<div  class=\"block-9b544dfe-d85b-4466-b519-7ba7770354a3 accordion\">\r\n\t\t\t\n\r\n\t\t<div  class=\"block-public accordion-item\">\r\n\r\n\t\t\t<p \r\n\t\t\t\tclass=\"accordion-header\" \r\n\t\t\t\tid=\"block-public-header\"\r\n\t\t\t>\r\n\t\t\t\t<button \r\n\t\t\t\t\tclass=\"accordion-button collapsed\" \r\n\t\t\t\t\ttype=\"button\" \r\n\t\t\t\t\tdata-bs-toggle=\"collapse\" \r\n\t\t\t\t\tdata-bs-target=\"#block-public-collapse\" \r\n\t\t\t\t\taria-expanded=\"false\" \r\n\t\t\t\t\taria-controls=\"block-public-collapse\"\r\n\t\t\t\t>\r\n\t\t\t\t\tLe cabinet conseille et assiste les agents publics et les administrations dans les trois versants de la fonction publique. Le cabinet vous accompagne \u00e9galement dans les contentieux disciplinaires.\r\n\t\t\t\t<\/button>\r\n\t\t\t<\/p>\r\n\r\n\t\t\t<div \r\n\t\t\t\tid=\"block-public-collapse\" \r\n\t\t\t\tclass=\"accordion-collapse collapse\" \r\n\t\t\t\taria-labelledby=\"block-public-header\"\r\n\t\t\t\tdata-bs-parent=\".block-9b544dfe-d85b-4466-b519-7ba7770354a3\"\r\n\t\t\t>\r\n\t\t\t\t<div class=\"accordion-body\">\r\n\t\t\t\t\t\n\n<p class=\"p-justify has-text-color has-link-color wp-elements-8ffa8eca85687b26968c4795a859cbd9\" style=\"color:#374152d1\">Les droits et obligations des agents (conditions de travail, droit syndical, libert\u00e9 d\u2019expression, protection fonctionnelle, lutte contre le harc\u00e8lement)<\/p>\n\n\n\n<p class=\"p-justify has-text-color has-link-color wp-elements-d1355a7aec8c73d29a316a5355dae2e4\" style=\"color:#374152d1\">Le recrutement (CDD, CDI, stage et titularisation)<\/p>\n\n\n\n<p class=\"p-justify has-text-color has-link-color wp-elements-9efc0dd6d34b693fcef5f511eea3cf5d\" style=\"color:#374152d1\">Le d\u00e9roulement de carri\u00e8re (avancement et notation, r\u00e9mun\u00e9ration, mutation, reclassement, d\u00e9tachement, mise \u00e0 disposition, licenciement, d\u00e9mission, retraite)<\/p>\n\n\n\n<p class=\"p-justify has-text-color has-link-color wp-elements-53eef6b15bb55edfdf03204b06b7305b\" style=\"color:#374152d1\">Discipline et sanctions\u00a0: (assistance devant les juridictions sp\u00e9cialis\u00e9es, Conseil de l\u2019ordre des m\u00e9decins, infirmiers, kin\u00e9sith\u00e9rapeutes, pharmaciens, etc&#8230;, conseil de discipline)\u00a0<\/p>\n\n\n\n<p class=\"p-justify has-text-color has-link-color wp-elements-ef1e372538e777fcf25b0ddca2867be5\" style=\"color:#374152d1\">Cessation des fonctions (non renouvellement CDD, licenciement, retraite, r\u00e9vocation des agents)&nbsp;<\/p>\n\n\n\n<p class=\"p-justify has-text-color has-link-color wp-elements-71e5750b21f284b844b2289f85e41051\" style=\"color:#374152d1\">Accidents et maladies professionnelles<\/p>\n\n \r\n\t\t\t\t<\/div>\r\n\t\t\t<\/div>\r\n\t\t<\/div>\r\n\t\n \r\n\t\t<\/div>\r\n\t<\/div>\n\n\n\n<div class=\"wp-block-uagb-container uagb-layout-flex uagb-block-09c513f3\">\n<div class=\"wp-block-uagb-info-box uagb-block-a3605659 uagb-infobox__content-wrap  uagb-infobox-icon-above-title uagb-infobox-image-valign-top\"><div class=\"uagb-ifb-content\"><div class=\"uagb-ifb-title-wrap\"><p class=\"uagb-ifb-title-prefix\">02<\/p><h3 class=\"uagb-ifb-title\">Droit de l\u2019urbanisme<br><br><\/h3><\/div><\/div><\/div>\n\n\n\r\n\t\t<div  class=\"block-95f6e867-20f2-49e5-86bc-1b1afa20bc68 accordion\">\r\n\t\t\t\n\r\n\t\t<div  class=\"block-urbain accordion-item\">\r\n\r\n\t\t\t<p \r\n\t\t\t\tclass=\"accordion-header\" \r\n\t\t\t\tid=\"block-urbain-header\"\r\n\t\t\t>\r\n\t\t\t\t<button \r\n\t\t\t\t\tclass=\"accordion-button collapsed\" \r\n\t\t\t\t\ttype=\"button\" \r\n\t\t\t\t\tdata-bs-toggle=\"collapse\" \r\n\t\t\t\t\tdata-bs-target=\"#block-urbain-collapse\" \r\n\t\t\t\t\taria-expanded=\"false\" \r\n\t\t\t\t\taria-controls=\"block-urbain-collapse\"\r\n\t\t\t\t>\r\n\t\t\t\t\tLe cabinet accompagne ses clients, particuliers ou collectivit\u00e9s, et r\u00e9pond \u00e0 vos interrogations relatives aux autorisations et aux documents d\u2019urbanisme.\u00a0\r\n\t\t\t\t<\/button>\r\n\t\t\t<\/p>\r\n\r\n\t\t\t<div \r\n\t\t\t\tid=\"block-urbain-collapse\" \r\n\t\t\t\tclass=\"accordion-collapse collapse\" \r\n\t\t\t\taria-labelledby=\"block-urbain-header\"\r\n\t\t\t\tdata-bs-parent=\".block-95f6e867-20f2-49e5-86bc-1b1afa20bc68\"\r\n\t\t\t>\r\n\t\t\t\t<div class=\"accordion-body\">\r\n\t\t\t\t\t\n\n<p class=\"p-justify has-text-color has-link-color wp-elements-8de9d1b2b4cf25b1e74db03f2c8f38c3\" style=\"color:#374152d1\">Autorisations d\u2019urbanisme&nbsp;: Permis de construire, permis de d\u00e9molir, permis d\u2019am\u00e9nager, d\u00e9claration pr\u00e9alable, certificat d\u2019urbanisme<\/p>\n\n\n\n<p class=\"p-justify has-text-color has-link-color wp-elements-210bb590d99d73ad0324ac11433f33b6\" style=\"color:#374152d1\">Documents d\u2019urbanisme&nbsp;: plan local d\u2019urbanisme, sch\u00e9ma de coh\u00e9rence territoriale<\/p>\n\n\n\n<p class=\"p-justify has-text-color has-link-color wp-elements-ef8efb4975d1048b186304e10432a740\" style=\"color:#374152d1\">Taxes d\u2019urbanisme&nbsp;<\/p>\n\n\n\n<p class=\"p-justify has-text-color has-link-color wp-elements-26c0471d332deab27a1a9915b514421c\" style=\"color:#374152d1\">Droit p\u00e9nal de l\u2019urbanisme&nbsp;: conseils et repr\u00e9sentation en cas d\u2019infraction aux r\u00e8gles d\u2019urbanisme (non-respect d\u2019un arr\u00eat\u00e9 interruptif de travaux, construction sans demande pr\u00e9alable d\u2019un permis de construire etc)<\/p>\n\n\n\n<p class=\"p-justify has-text-color has-link-color wp-elements-229fbd4fe5193a48a7e58270c4ea529a\" style=\"color:#374152d1\">Proc\u00e9dure d\u2019expropriation<\/p>\n\n \r\n\t\t\t\t<\/div>\r\n\t\t\t<\/div>\r\n\t\t<\/div>\r\n\t\n \r\n\t\t<\/div>\r\n\t<\/div>\n\n\n\n<div class=\"wp-block-uagb-container uagb-layout-flex uagb-block-f0e002f3\">\n<div class=\"wp-block-uagb-info-box uagb-block-6cd55115 uagb-infobox__content-wrap  uagb-infobox-icon-above-title uagb-infobox-image-valign-top\"><div class=\"uagb-ifb-content\"><div class=\"uagb-ifb-title-wrap\"><p class=\"uagb-ifb-title-prefix\">03<\/p><h3 class=\"uagb-ifb-title\">Droit administratif g\u00e9n\u00e9ral<br><br><\/h3><\/div><\/div><\/div>\n\n\n\r\n\t\t<div  class=\"block-aa692813-9534-44e3-874c-1bf93a39b02d accordion\">\r\n\t\t\t\n\r\n\t\t<div  class=\"block-general accordion-item\">\r\n\r\n\t\t\t<p \r\n\t\t\t\tclass=\"accordion-header\" \r\n\t\t\t\tid=\"block-general-header\"\r\n\t\t\t>\r\n\t\t\t\t<button \r\n\t\t\t\t\tclass=\"accordion-button collapsed\" \r\n\t\t\t\t\ttype=\"button\" \r\n\t\t\t\t\tdata-bs-toggle=\"collapse\" \r\n\t\t\t\t\tdata-bs-target=\"#block-general-collapse\" \r\n\t\t\t\t\taria-expanded=\"false\" \r\n\t\t\t\t\taria-controls=\"block-general-collapse\"\r\n\t\t\t\t>\r\n\t\t\t\t\tLe cabinet intervient sur l\u2019ensemble des probl\u00e9matiques li\u00e9es \u00e0 l\u2019action des institutions publiques.\r\n\t\t\t\t<\/button>\r\n\t\t\t<\/p>\r\n\r\n\t\t\t<div \r\n\t\t\t\tid=\"block-general-collapse\" \r\n\t\t\t\tclass=\"accordion-collapse collapse\" \r\n\t\t\t\taria-labelledby=\"block-general-header\"\r\n\t\t\t\tdata-bs-parent=\".block-aa692813-9534-44e3-874c-1bf93a39b02d\"\r\n\t\t\t>\r\n\t\t\t\t<div class=\"accordion-body\">\r\n\t\t\t\t\t\n\n<p class=\"p-justify has-text-color has-link-color wp-elements-27e29df5c41e3f7cfab905d7735ecccc\" style=\"color:#374152d1\">Police administrative (police de la circulation et du stationnement, arr\u00eat\u00e9 de p\u00e9ril, police des baignades, police des spectacles, immeubles mena\u00e7ant de ruine)<\/p>\n\n\n\n<p class=\"p-justify has-text-color has-link-color wp-elements-d515fa634a529244beac2f09bd50afc7\" style=\"color:#374152d1\">Responsabilit\u00e9 administrative (dommages de travaux publics, responsabilit\u00e9 pour faute et sans faute de l\u2019administration)<\/p>\n\n\n\n<p class=\"p-justify has-text-color has-link-color wp-elements-36712b8dbd922991eb0f8ef637448a61\" style=\"color:#374152d1\">Permis de conduire<\/p>\n\n\n\n<p class=\"p-justify has-text-color has-link-color wp-elements-29c75cc3b876a483230c5e0fbecca3de\" style=\"color:#374152d1\">Autorisations administratives (d\u00e9bit de boissons, occupation du domaine public \u2026)<\/p>\n\n\n\n<p class=\"p-justify has-text-color has-link-color wp-elements-3c0182f83f0b026b8d6d67d6399d4de1\" style=\"color:#374152d1\">Administration fiscale<\/p>\n\n\n\n<p class=\"p-justify has-text-color has-link-color wp-elements-2461c2075a1841d0e273390625acb8f9\" style=\"color:#374152d1\">Propri\u00e9t\u00e9 des personnes publiques<\/p>\n\n \r\n\t\t\t\t<\/div>\r\n\t\t\t<\/div>\r\n\t\t<\/div>\r\n\t\n \r\n\t\t<\/div>\r\n\t<\/div>\n<\/div>\n<\/div><\/div>\n\n\n<div\r\n\t\tclass=\"alignfull wp-block-psb-parallax\"\tid='psbParallaxSection-1'\r\n\tdata-attributes='{&quot;cId&quot;:&quot;261acee8-6&quot;,&quot;speed&quot;:0.51,&quot;background&quot;:{&quot;type&quot;:&quot;image&quot;,&quot;image&quot;:{&quot;id&quot;:219,&quot;url&quot;:&quot;https:\\\/\\\/mongie-avocat.fr\\\/amavocat\\\/wp-content\\\/uploads\\\/2024\\\/10\\\/FBA_4977-scaled.jpg&quot;,&quot;alt&quot;:&quot;&quot;,&quot;title&quot;:&quot;image de pr\\u00e9sentation cabinet Am\\u00e9lie Mongie&quot;},&quot;size&quot;:&quot;auto&quot;},&quot;minHeight&quot;:&quot;400px&quot;,&quot;align&quot;:&quot;full&quot;,&quot;verticalAlign&quot;:&quot;center&quot;,&quot;textAlign&quot;:&quot;center&quot;,&quot;padding&quot;:{&quot;vertical&quot;:&quot;20px&quot;,&quot;horizontal&quot;:&quot;30px&quot;},&quot;styles&quot;:{&quot;particles&quot;:{&quot;color&quot;:{&quot;r&quot;:255,&quot;g&quot;:255,&quot;b&quot;:255},&quot;movingSpeed&quot;:0.8,&quot;density&quot;:10},&quot;leaf&quot;:{&quot;status&quot;:true,&quot;color&quot;:&quot;#16a34a&quot;,&quot;count&quot;:20},&quot;cube&quot;:{&quot;position&quot;:{&quot;x&quot;:{&quot;desktop&quot;:&quot;47%&quot;,&quot;tablet&quot;:&quot;40%&quot;,&quot;mobile&quot;:&quot;42%&quot;},&quot;y&quot;:{&quot;desktop&quot;:&quot;45%&quot;,&quot;tablet&quot;:&quot;45%&quot;,&quot;mobile&quot;:&quot;28%&quot;}},&quot;front&quot;:&quot;#60caf81a&quot;,&quot;back&quot;:&quot;rgba(0, 136, 91, 0.1)&quot;,&quot;top&quot;:&quot;rgba(7, 181, 255, 0.1)&quot;,&quot;bottom&quot;:&quot;rgba(0, 241, 161, 0.1)&quot;,&quot;left&quot;:&quot;rgba(56, 189, 248, 0.1)&quot;,&quot;right&quot;:&quot;rgba(47, 255, 186, 0.1)&quot;,&quot;border&quot;:{&quot;width&quot;:&quot;1px&quot;,&quot;type&quot;:&quot;solid&quot;,&quot;color&quot;:&quot;&quot;}},&quot;t4Styles&quot;:{&quot;backgroundColors&quot;:{&quot;upper&quot;:&quot;#f0fdf4&quot;,&quot;lower&quot;:&quot;#dcfce7&quot;}}},&quot;options&quot;:{&quot;isCube&quot;:true},&quot;selectedTheme&quot;:&quot;default&quot;}'\r\n  data-pipecheck='false'\r\n>\r\n  <style>\r\n    \r\n  #psbParallaxSection-1{\r\n    min-height: 400px;\r\n  }\r\n  #psbParallaxSection-1 .psbParallaxSection{\r\n    justify-content: center;\r\n    text-align: center;\r\n    min-height: 400px;\r\n    padding: 20px 30px;\r\n  }\r\n  #psbParallaxSection-1 .psbParallaxImg{\r\n    background: url(https:\/\/mongie-avocat.fr\/amavocat\/wp-content\/uploads\/2024\/10\/FBA_4977-scaled.jpg);background-position: center center;background-size: auto;background-blend-mode: overlay;\r\n  }\r\n  <\/style>\r\n\r\n  <div class='psbParallaxImg' data-speed='0.51'><\/div>\r\n\r\n  <div class='psbParallaxSection'>\r\n    \n\n<p><\/p>\n\n  <\/div>\r\n<\/div>\n\n\n<div id=\"engagements\" class=\"wp-block-uagb-container uagb-block-ut7c0zwj alignfull uagb-is-root-container\"><div class=\"uagb-container-inner-blocks-wrap\">\n<div class=\"wp-block-uagb-image alignleft uagb-block-6lqzfsff wp-block-uagb-image--layout-default wp-block-uagb-image--effect-static wp-block-uagb-image--align-left uag-hide-tab uag-hide-mob\"><figure class=\"wp-block-uagb-image__figure\"><img decoding=\"async\" srcset=\"https:\/\/mongie-avocat.fr\/amavocat\/wp-content\/uploads\/2024\/10\/AMELIE_4994b-683x1024.jpg ,https:\/\/mongie-avocat.fr\/amavocat\/wp-content\/uploads\/2024\/10\/AMELIE_4994b-scaled.jpg 780w, https:\/\/mongie-avocat.fr\/amavocat\/wp-content\/uploads\/2024\/10\/AMELIE_4994b-scaled.jpg 360w\" sizes=\"auto, (max-width: 480px) 150px\" src=\"https:\/\/mongie-avocat.fr\/amavocat\/wp-content\/uploads\/2024\/10\/AMELIE_4994b-683x1024.jpg\" alt=\"\" class=\"uag-image-217\" width=\"564\" height=\"800\" title=\"\" loading=\"lazy\" role=\"presentation\"\/><\/figure><\/div>\n\n\n\n<div class=\"wp-block-uagb-container uagb-block-unmbdxki\">\n<div class=\"wp-block-uagb-info-box uagb-block-sxfw6e5s uagb-infobox__content-wrap  uagb-infobox-icon-above-title uagb-infobox-image-valign-top wp-block-uagb-info-box--has-margin\"><div class=\"uagb-infobox-margin-wrapper\"><div class=\"uagb-ifb-content\"><div class=\"uagb-ifb-title-wrap\"><p class=\"uagb-ifb-title-prefix\">\u00ab\u00a0proximit\u00e9, \u00e9coute, rigueur\u00a0\u00bb<\/p><h2 class=\"uagb-ifb-title\">Les engagements du cabinet<\/h2><\/div><\/div><\/div><\/div>\n\n\n\n<div class=\"wp-block-uagb-info-box uagb-block-fxb2pfs6 uagb-infobox__content-wrap  uagb-infobox-icon-left-title uagb-infobox-left uagb-infobox-image-valign-top p-justify\"><div class=\"uagb-ifb-content\"><div class=\"uagb-ifb-left-title-image\"><div class=\"uagb-ifb-icon-wrap\"><svg xmlns=\"https:\/\/www.w3.org\/2000\/svg\" viewBox=\"0 0 448 512\"><path d=\"M438.6 105.4C451.1 117.9 451.1 138.1 438.6 150.6L182.6 406.6C170.1 419.1 149.9 419.1 137.4 406.6L9.372 278.6C-3.124 266.1-3.124 245.9 9.372 233.4C21.87 220.9 42.13 220.9 54.63 233.4L159.1 338.7L393.4 105.4C405.9 92.88 426.1 92.88 438.6 105.4H438.6z\"><\/path><\/svg><\/div><div class=\"uagb-ifb-title-wrap\"><\/div><\/div><p class=\"uagb-ifb-desc\">Le cabinet de Ma\u00eetre Am\u00e9lie MONGIE est un cabinet \u00e0 taille humaine qui s\u2019engage \u00e0 offrir \u00e0 ses clients une expertise juridique personnalis\u00e9e et une prise en charge rigoureuse de chaque dossier.<br><br>Si vous rencontrez une difficult\u00e9 ou que vous avez simplement besoin de renseignements juridiques pr\u00e9cis et fiables, vous pouvez fixer un rendez vous au cabinet afin de discuter des probl\u00e9matiques rencontr\u00e9es.&nbsp;<br><br>Ce rendez vous est factur\u00e9 120,00 \u20ac TTC.&nbsp;<br><br>Apr\u00e8s une analyse compl\u00e8te de la situation et de vos attentes, Ma\u00eetre MONGIE vous proposera une strat\u00e9gie \u00e0 mettre en place pour la d\u00e9fense de vos int\u00e9r\u00eats.&nbsp;<br><br>Une convention d\u2019honoraire sera alors sign\u00e9e entre l\u2019avocat et son client, dont le montant sera en fonction des actions \u00e0 mettre en place.&nbsp;<br><br>Soucieuse d\u2019apporter une r\u00e9ponse claire, rapide et efficace \u00e0 ses clients, Ma\u00eetre Am\u00e9lie MONGIE vous garantit disponibilit\u00e9 et \u00e9coute attentive. Le cabinet garantit \u00e9galement un suivi r\u00e9gulier de votre dossier, vous tenant inform\u00e9 \u00e0 chaque \u00e9tape de la proc\u00e9dure.&nbsp;<br><br>Notre approche allie rigueur, r\u00e9activit\u00e9 et proximit\u00e9, pour vous accompagner au mieux tout au long de vos d\u00e9marches juridiques.&nbsp;<br><\/p><\/div><\/div>\n<\/div>\n<\/div><\/div>\n\n\n\n<div id=\"honoraires\" class=\"wp-block-uagb-container uagb-block-08qmodff alignfull uagb-is-root-container\"><div class=\"uagb-container-inner-blocks-wrap\">\n<div class=\"wp-block-uagb-info-box uagb-block-umrv2mqi uagb-infobox__content-wrap  uagb-infobox-icon-above-title uagb-infobox-image-valign-top\"><div class=\"uagb-ifb-content\"><div class=\"uagb-ifb-title-wrap\"><h2 class=\"uagb-ifb-title\">Honoraires<\/h2><\/div><p class=\"uagb-ifb-desc\"><br>Les honoraires sont fix\u00e9s en toute transparence&nbsp;: Une convention d\u2019honoraire est sign\u00e9e entre l\u2019avocat et le client \u00e0 l\u2019ouverture du dossier.<br><br><br>Le cabinet propose deux m\u00e9thodes de facturation selon la nature du dossier&nbsp;:&nbsp;<\/p><\/div><\/div>\n\n\n\n<div class=\"wp-block-uagb-container uagb-block-psgogogb\">\n<div class=\"wp-block-uagb-container uagb-block-9wngixs4\">\n<div class=\"wp-block-uagb-info-box uagb-block-gp18otx3 uagb-infobox__content-wrap  uagb-infobox-icon-above-title uagb-infobox-image-valign-top\"><div class=\"uagb-ifb-content\"><div class=\"uagb-ifb-title-wrap\"><p class=\"uagb-ifb-title\">forfait<\/p><\/div><div class=\"uagb-ifb-separator\"><\/div><p class=\"uagb-ifb-desc\"><br><br>Lorsque que l\u2019avocat est en mesure d\u2019\u00e9valuer le temps de travail ou qu\u2019il existe un faible al\u00e9a sur le d\u00e9roul\u00e9 de la proc\u00e9dure, l\u2019avocat propose au client un forfait d\u2019honoraire qui couvre l\u2019ensemble de sa mission (consultation juridique ou proc\u00e9dure devant une juridiction).<br>Cette m\u00e9thode de facturation pr\u00e9sente l\u2019avantage pour le client de savoir \u00e0 l\u2019avance ce que lui coutera l\u2019intervention de son avocat.&nbsp;<\/p><\/div><\/div>\n<\/div>\n\n\n\n<div class=\"wp-block-uagb-container uagb-layout-flex uagb-block-kq9jmqbr\">\n<div class=\"wp-block-uagb-info-box uagb-block-kzilctwl uagb-infobox__content-wrap  uagb-infobox-icon-above-title uagb-infobox-image-valign-top\"><div class=\"uagb-ifb-content\"><div class=\"uagb-ifb-title-wrap\"><p class=\"uagb-ifb-title\">taux horaire<\/p><\/div><div class=\"uagb-ifb-separator\"><\/div><p class=\"uagb-ifb-desc\"><br><br>Lorsque le temps de travail ne peut \u00eatre pr\u00e9cis\u00e9ment \u00e9valu\u00e9, l\u2019avocat propose au client de fixer ses honoraires selon un taux horaire pr\u00e9\u00e9tabli.&nbsp;<br>Le cout de l\u2019intervention de l\u2019avocat d\u00e9pend alors du temps r\u00e9ellement consacr\u00e9 au dossier.&nbsp;<\/p><\/div><\/div>\n<\/div>\n<\/div>\n\n\n\n<p class=\"has-text-align-center has-text-color has-link-color wp-elements-5c382e95fd9d3341802b6064c42cf021\" style=\"color:#4b4f58\">Les honoraires ainsi \u00e9tablis peuvent \u00eatre pris en charge, totalement ou partiellement, par votre protection juridique.&nbsp;<br><br>Le cabinet accepte \u00e9galement d\u2019intervenir au b\u00e9n\u00e9fice de l\u2019aide juridictionnelle.<\/p>\n<\/div><\/div>\n\n\n\n<div id=\"contact\" class=\"wp-block-uagb-container uagb-block-njdshfiy alignfull uagb-is-root-container\"><div class=\"uagb-container-inner-blocks-wrap\">\n<div class=\"wp-block-uagb-container uagb-block-fy7ftggm\">\n<div class=\"wp-block-uagb-info-box uagb-block-fvu6kzw1 uagb-infobox__content-wrap  uagb-infobox-icon-above-title uagb-infobox-image-valign-top\"><div class=\"uagb-ifb-content\"><div class=\"uagb-ifb-title-wrap\"><h2 class=\"uagb-ifb-title\">Contact<\/h2><\/div><\/div><\/div>\n\n\n\n<div class=\"wp-block-uagb-info-box uagb-block-jk46526d uagb-infobox__content-wrap  uagb-infobox-icon-left-title uagb-infobox-left uagb-infobox-image-valign-top\"><div class=\"uagb-ifb-content\"><div class=\"uagb-ifb-left-title-image\"><div class=\"uagb-ifb-icon-wrap\"><svg xmlns=\"https:\/\/www.w3.org\/2000\/svg\" viewBox=\"0 0 384 512\"><path d=\"M168.3 499.2C116.1 435 0 279.4 0 192C0 85.96 85.96 0 192 0C298 0 384 85.96 384 192C384 279.4 267 435 215.7 499.2C203.4 514.5 180.6 514.5 168.3 499.2H168.3zM192 256C227.3 256 256 227.3 256 192C256 156.7 227.3 128 192 128C156.7 128 128 156.7 128 192C128 227.3 156.7 256 192 256z\"><\/path><\/svg><\/div><div class=\"uagb-ifb-title-wrap\"><p class=\"uagb-ifb-title\">adresse<\/p><\/div><\/div><p class=\"uagb-ifb-desc\">16 Place Pey Berland 33000 Bordeaux<\/p><div class=\"uagb-ifb-separator\"><\/div><\/div><\/div>\n\n\n\n<div class=\"wp-block-uagb-info-box uagb-block-qqix17q3 uagb-infobox__content-wrap  uagb-infobox-icon-left-title uagb-infobox-left uagb-infobox-image-valign-top\"><div class=\"uagb-ifb-content\"><div class=\"uagb-ifb-left-title-image\"><div class=\"uagb-ifb-icon-wrap\"><svg xmlns=\"https:\/\/www.w3.org\/2000\/svg\" viewBox=\"0 0 512 512\"><path d=\"M511.2 387l-23.25 100.8c-3.266 14.25-15.79 24.22-30.46 24.22C205.2 512 0 306.8 0 54.5c0-14.66 9.969-27.2 24.22-30.45l100.8-23.25C139.7-2.602 154.7 5.018 160.8 18.92l46.52 108.5c5.438 12.78 1.77 27.67-8.98 36.45L144.5 207.1c33.98 69.22 90.26 125.5 159.5 159.5l44.08-53.8c8.688-10.78 23.69-14.51 36.47-8.975l108.5 46.51C506.1 357.2 514.6 372.4 511.2 387z\"><\/path><\/svg><\/div><div class=\"uagb-ifb-title-wrap\"><p class=\"uagb-ifb-title\">t\u00e9l\u00e9phone<\/p><\/div><\/div><p class=\"uagb-ifb-desc\">05 56 52 73 78<\/p><div class=\"uagb-ifb-separator\"><\/div><\/div><\/div>\n\n\n\n<div class=\"wp-block-uagb-info-box uagb-block-iurj0ijp uagb-infobox__content-wrap  uagb-infobox-icon-left-title uagb-infobox-left uagb-infobox-image-valign-top\"><div class=\"uagb-ifb-content\"><div class=\"uagb-ifb-left-title-image\"><div class=\"uagb-ifb-icon-wrap\"><svg xmlns=\"https:\/\/www.w3.org\/2000\/svg\" viewBox=\"0 0 512 512\"><path d=\"M464 64C490.5 64 512 85.49 512 112C512 127.1 504.9 141.3 492.8 150.4L275.2 313.6C263.8 322.1 248.2 322.1 236.8 313.6L19.2 150.4C7.113 141.3 0 127.1 0 112C0 85.49 21.49 64 48 64H464zM217.6 339.2C240.4 356.3 271.6 356.3 294.4 339.2L512 176V384C512 419.3 483.3 448 448 448H64C28.65 448 0 419.3 0 384V176L217.6 339.2z\"><\/path><\/svg><\/div><div class=\"uagb-ifb-title-wrap\"><p class=\"uagb-ifb-title\">Email<\/p><\/div><\/div><p class=\"uagb-ifb-desc\">ameliemongie.avocat@gmail.com<\/p><\/div><\/div>\n<\/div>\n\n\n\t\t\t<div \n\t\t\tclass=\"wp-block-uagb-google-map uagb-google-map__wrap uagb-block-8c225b1b     \"\n\t\t\tstyle=\"\" >\n\t\t\t\t<embed\n\t\t\t\t\tclass=\"uagb-google-map__iframe\"\n\t\t\t\t\ttitle=\"Carte Google pour \"\n\t\t\t\t\tsrc=\"https:\/\/maps.google.com\/maps?q=16%20place%20pey%20berland%2033000%20bordeaux&#038;z=16&#038;hl=fr&#038;t=m&#038;output=embed&#038;iwloc=near\"\n\t\t\t\t\twidth=\"640\"\n\t\t\t\t\theight=\"400\"\n\t\t\t\t\tloading=\"lazy\"\n\t\t\t\t><\/embed>\n\t\t\t<\/div>\n\t\t\t<\/div><\/div>\n","protected":false},"excerpt":{"rendered":"<p>Les honoraires ainsi \u00e9tablis peuvent \u00eatre pris en charge, totalement ou partiellement, par votre protection juridique.&nbsp; Le cabinet accepte \u00e9galement [&hellip;]<\/p>\n","protected":false},"author":1,"featured_media":0,"parent":0,"menu_order":0,"comment_status":"closed","ping_status":"closed","template":"","meta":{"_uag_custom_page_level_css":"","site-sidebar-layout":"default","site-content-layout":"","ast-site-content-layout":"","site-content-style":"default","site-sidebar-style":"default","ast-global-header-display":"","ast-banner-title-visibility":"","ast-main-header-display":"","ast-hfb-above-header-display":"","ast-hfb-below-header-display":"","ast-hfb-mobile-header-display":"","site-post-title":"disabled","ast-breadcrumbs-content":"","ast-featured-img":"","footer-sml-layout":"","theme-transparent-header-meta":"","adv-header-id-meta":"","stick-header-meta":"","header-above-stick-meta":"","header-main-stick-meta":"","header-below-stick-meta":"","astra-migrate-meta-layouts":"default","ast-page-background-enabled":"default","ast-page-background-meta":{"desktop":{"background-color":"var(--ast-global-color-4)","background-image":"","background-repeat":"repeat","background-position":"center center","background-size":"auto","background-attachment":"scroll","background-type":"","background-media":"","overlay-type":"","overlay-color":"","overlay-opacity":"","overlay-gradient":""},"tablet":{"background-color":"","background-image":"","background-repeat":"repeat","background-position":"center center","background-size":"auto","background-attachment":"scroll","background-type":"","background-media":"","overlay-type":"","overlay-color":"","overlay-opacity":"","overlay-gradient":""},"mobile":{"background-color":"","background-image":"","background-repeat":"repeat","background-position":"center center","background-size":"auto","background-attachment":"scroll","background-type":"","background-media":"","overlay-type":"","overlay-color":"","overlay-opacity":"","overlay-gradient":""}},"ast-content-background-meta":{"desktop":{"background-color":"var(--ast-global-color-5)","background-image":"","background-repeat":"repeat","background-position":"center center","background-size":"auto","background-attachment":"scroll","background-type":"","background-media":"","overlay-type":"","overlay-color":"","overlay-opacity":"","overlay-gradient":""},"tablet":{"background-color":"var(--ast-global-color-5)","background-image":"","background-repeat":"repeat","background-position":"center center","background-size":"auto","background-attachment":"scroll","background-type":"","background-media":"","overlay-type":"","overlay-color":"","overlay-opacity":"","overlay-gradient":""},"mobile":{"background-color":"var(--ast-global-color-5)","background-image":"","background-repeat":"repeat","background-position":"center center","background-size":"auto","background-attachment":"scroll","background-type":"","background-media":"","overlay-type":"","overlay-color":"","overlay-opacity":"","overlay-gradient":""}},"footnotes":""},"class_list":["post-69","page","type-page","status-publish","hentry"],"uagb_featured_image_src":{"full":false,"thumbnail":false,"medium":false,"medium_large":false,"large":false,"1536x1536":false,"2048x2048":false},"uagb_author_info":{"display_name":"manonburon","author_link":"https:\/\/mongie-avocat.fr\/amavocat\/author\/manonburon\/"},"uagb_comment_info":0,"uagb_excerpt":"Les honoraires ainsi \u00e9tablis peuvent \u00eatre pris en charge, totalement ou partiellement, par votre protection juridique.&nbsp; Le cabinet accepte \u00e9galement [&hellip;]","_links":{"self":[{"href":"https:\/\/mongie-avocat.fr\/amavocat\/wp-json\/wp\/v2\/pages\/69","targetHints":{"allow":["GET"]}}],"collection":[{"href":"https:\/\/mongie-avocat.fr\/amavocat\/wp-json\/wp\/v2\/pages"}],"about":[{"href":"https:\/\/mongie-avocat.fr\/amavocat\/wp-json\/wp\/v2\/types\/page"}],"author":[{"embeddable":true,"href":"https:\/\/mongie-avocat.fr\/amavocat\/wp-json\/wp\/v2\/users\/1"}],"replies":[{"embeddable":true,"href":"https:\/\/mongie-avocat.fr\/amavocat\/wp-json\/wp\/v2\/comments?post=69"}],"version-history":[{"count":105,"href":"https:\/\/mongie-avocat.fr\/amavocat\/wp-json\/wp\/v2\/pages\/69\/revisions"}],"predecessor-version":[{"id":280,"href":"https:\/\/mongie-avocat.fr\/amavocat\/wp-json\/wp\/v2\/pages\/69\/revisions\/280"}],"wp:attachment":[{"href":"https:\/\/mongie-avocat.fr\/amavocat\/wp-json\/wp\/v2\/media?parent=69"}],"curies":[{"name":"wp","href":"https:\/\/api.w.org\/{rel}","templated":true}]}}